{"id":11,"date":"2012-05-16T16:41:49","date_gmt":"2012-05-16T14:41:49","guid":{"rendered":"http:\/\/teuwissen.ch\/radiofamilie\/?page_id=11"},"modified":"2013-08-16T12:48:47","modified_gmt":"2013-08-16T10:48:47","slug":"wer-wann-wo","status":"publish","type":"page","link":"https:\/\/teuwissen.ch\/radiofamilie\/?page_id=11","title":{"rendered":"Wer Wann Wo"},"content":{"rendered":"<p><span style=\"color: #ccffff;\"><em><strong>&#8220;&#8230;Normal sind wir ja alle nicht&#8230;&#8221;<\/strong><\/em><\/span><\/p>\n<p><span style=\"color: #9d7f2f;\"><strong>PDF:<\/strong><\/span> <a href=\"http:\/\/teuwissen.ch\/radiofamilie\/wp-content\/uploads\/2012\/05\/SHZ_Zeitung_Nr8_DRUCK-Radiofamilie.pdf\">SHZ Zeitung Die Radiofamilie<\/a><\/p>\n<p><span style=\"color: #9d7f2f;\">Pressespiegel: siehe<\/span> <a href=\"http:\/\/teuwissen.ch\/radiofamilie\/?page_id=891\" target=\"_blank\">hier<\/a><\/p>\n<p style=\"text-align: right;\"><span style=\"color: #9d7f2f;\">Premiere: <strong>24. Mai 2013 <\/strong><span style=\"color: #ff99cc;\">Ausverkauft<strong><br \/>\n<\/strong><\/span>Kammer <strong>SCHAUSPIELHAUS<\/strong> Z\u00fcrich<br \/>\n<strong>Karten<\/strong>: <a href=\"http:\/\/schauspielhaus.ch\/spielplan\/stucke-a-z\/337-die-radiofamilie\" target=\"_blank\">SHZ<\/a><br \/>\n<\/span><\/p>\n<p style=\"text-align: right;\"><span style=\"color: #9d7f2f;\">Spiel: <strong>Klaus Br\u00f6mmelmeier, <strong>Sean McDonagh<\/strong>, Sarah Hostettler,<br \/>\nLisa Katrina Mayer, Susanne-Marie Wrage<br \/>\n<\/strong><\/span><\/p>\n<p style=\"text-align: left;\"><span style=\"color: #9d7f2f;\">Regie: <strong>M\u00e9lanie Huber<\/strong><\/span><a href=\"http:\/\/teuwissen.ch\/radiofamilie\/wp-content\/uploads\/2012\/05\/20100712-122447-Lrqtc.jpg\"><img loading=\"lazy\" decoding=\"async\" class=\"alignright\" title=\"20100712-122447-Lrqtc\" alt=\"\" src=\"http:\/\/teuwissen.ch\/radiofamilie\/wp-content\/uploads\/2012\/05\/20100712-122447-Lrqtc-300x213.jpg\" width=\"240\" height=\"170\" \/><\/a><br \/>\n<span style=\"color: #9d7f2f;\">St\u00fcckfassung &amp; Idee: <strong>Stephan Teuwissen<\/strong><\/span><br \/>\n<span style=\"color: #9d7f2f;\"> Komposition: <strong>Pascal Destraz<\/strong><\/span><br \/>\n<span style=\"color: #9d7f2f;\"> B\u00fchnenbild: <strong>Nadia\u00a0Schrader<\/strong><\/span><br \/>\n<span style=\"color: #9d7f2f;\"> Kost\u00fcm: <strong>Ramona M\u00fcller<br \/>\n<\/strong>Regieassistenz:<strong><strong> Simone Karpf<br \/>\n<\/strong><\/strong>Dramaturgie:<strong> Karolin Trachte<br \/>\n<\/strong>Licht: <strong>Daniel Leuenberger<\/strong><strong><br \/>\n<\/strong>Praktikum Regie:<strong> Bahar Avcilar<br \/>\n<\/strong><\/span><span style=\"color: #9d7f2f;\">Praktikum Kost\u00fcm: <strong>Maryam Afschar<br \/>\n<\/strong>Videoaufzeihnung:<strong> Liliane Ott<br \/>\n<\/strong><\/span><\/p>\n<p style=\"text-align: center;\"><strong><span style=\"color: #9d7f2f;\">Vorstellungen<br \/>\n<\/span><\/strong><span style=\"color: #9d7f2f;\">Anfang jeweils <strong>20.30<\/strong>,<br \/>\nausser am Sonntag<strong>!!<\/strong><\/span><\/p>\n<p style=\"text-align: center;\"><span style=\"color: #9d7f2f;\">Fr <strong>31.<\/strong> Mai<\/span>\u00a0\u00a0 <span style=\"color: #ff99cc;\">Ausverkauft<\/span><br \/>\n<span style=\"color: #9d7f2f;\">Sa <strong>01.<\/strong> Juni<\/span>\u00a0 <span style=\"color: #ff99cc;\">Ausverkauft<\/span><br \/>\n<span style=\"color: #9d7f2f;\">Mi <strong>05.<\/strong> Juni<\/span>\u00a0 <span style=\"color: #ff99cc;\">Ausverkauft<\/span><br \/>\n<span style=\"color: #9d7f2f;\">So <strong>09.<\/strong> Juni (<strong>19.30<\/strong>h) <\/span><span style=\"color: #ff99cc;\">Ausverkauft <\/span><br \/>\n<span style=\"color: #9d7f2f;\">Mi <strong>12.<\/strong> Juni<\/span><br \/>\n<span style=\"color: #9d7f2f;\">Fr <strong>14.<\/strong> Juni<\/span> <span style=\"color: #ff99cc;\">Ausverkauft<\/span><br \/>\n<span style=\"color: #9d7f2f;\">Sa <strong>15.<\/strong> Juni <\/span><span style=\"color: #ff99cc;\">Ausverkauft<\/span><br \/>\n<span style=\"color: #9d7f2f;\">Mo <strong>17<\/strong>. Juni<\/span> <span style=\"color: #ff99cc;\">Ausverkauft<\/span><br \/>\n<span style=\"color: #9d7f2f;\">Di <strong>18.<\/strong> Juni<\/span> <span style=\"color: #ff99cc;\">Ausverkauft <\/span><br \/>\n<span style=\"color: #9d7f2f;\">Sa <strong>22.<\/strong> Juni<\/span> <span style=\"color: #ff99cc;\">Ausverkauft<\/span><br \/>\n<span style=\"color: #9d7f2f;\">So <strong>23.<\/strong> Juni (<strong>19.30<\/strong>h)<\/span> <span style=\"color: #ff99cc;\">Ausverkauft <\/span><br \/>\n<span style=\"color: #9d7f2f;\">Mi <strong>26.<\/strong> Juni <span style=\"color: #ff99cc;\">Ausverkauft<\/span><br \/>\n<\/span><\/p>\n<p>\u00a0<a href=\"http:\/\/teuwissen.ch\/radiofamilie\/wp-content\/uploads\/2012\/05\/IMG_1227.jpg\"><img loading=\"lazy\" decoding=\"async\" class=\"size-full wp-image-969 alignnone\" alt=\"IMG_1227\" src=\"http:\/\/teuwissen.ch\/radiofamilie\/wp-content\/uploads\/2012\/05\/IMG_1227.jpg\" width=\"1024\" height=\"768\" srcset=\"https:\/\/teuwissen.ch\/radiofamilie\/wp-content\/uploads\/2012\/05\/IMG_1227.jpg 1024w, https:\/\/teuwissen.ch\/radiofamilie\/wp-content\/uploads\/2012\/05\/IMG_1227-300x225.jpg 300w, https:\/\/teuwissen.ch\/radiofamilie\/wp-content\/uploads\/2012\/05\/IMG_1227-400x300.jpg 400w\" sizes=\"auto, (max-width: 1024px) 100vw, 1024px\" \/><\/a><a href=\"http:\/\/teuwissen.ch\/radiofamilie\/wp-content\/uploads\/2012\/05\/IMG_1232-1.jpg\"><img loading=\"lazy\" decoding=\"async\" class=\"size-full wp-image-968 aligncenter\" alt=\"IMG_1232 (1)\" src=\"http:\/\/teuwissen.ch\/radiofamilie\/wp-content\/uploads\/2012\/05\/IMG_1232-1.jpg\" width=\"1024\" height=\"768\" srcset=\"https:\/\/teuwissen.ch\/radiofamilie\/wp-content\/uploads\/2012\/05\/IMG_1232-1.jpg 1024w, https:\/\/teuwissen.ch\/radiofamilie\/wp-content\/uploads\/2012\/05\/IMG_1232-1-300x225.jpg 300w, https:\/\/teuwissen.ch\/radiofamilie\/wp-content\/uploads\/2012\/05\/IMG_1232-1-400x300.jpg 400w\" sizes=\"auto, (max-width: 1024px) 100vw, 1024px\" \/><\/a><\/p>\n<div><a href=\"http:\/\/teuwissen.ch\/radiofamilie\/wp-content\/uploads\/2012\/05\/slide_back.jpg\"><img loading=\"lazy\" decoding=\"async\" class=\"alignnone size-full wp-image-15\" title=\"slide_back\" alt=\"\" src=\"http:\/\/teuwissen.ch\/radiofamilie\/wp-content\/uploads\/2012\/05\/slide_back.jpg\" width=\"3146\" height=\"1200\" srcset=\"https:\/\/teuwissen.ch\/radiofamilie\/wp-content\/uploads\/2012\/05\/slide_back.jpg 3146w, https:\/\/teuwissen.ch\/radiofamilie\/wp-content\/uploads\/2012\/05\/slide_back-300x114.jpg 300w, https:\/\/teuwissen.ch\/radiofamilie\/wp-content\/uploads\/2012\/05\/slide_back-1024x390.jpg 1024w, https:\/\/teuwissen.ch\/radiofamilie\/wp-content\/uploads\/2012\/05\/slide_back-500x190.jpg 500w\" sizes=\"auto, (max-width: 3146px) 100vw, 3146px\" \/><\/a><\/div>\n<div style=\"text-align: right;\"><span style=\"color: #ccffff;\"><em><strong> &#8220;&#8230;Besser Krisen als ein verfehltes Leben&#8230;&#8221;\u00a0<\/strong> <\/em><\/span><\/div>\n<div style=\"text-align: right;\"><a href=\"http:\/\/teuwissen.ch\/radiofamilie\/wp-content\/uploads\/2012\/05\/Bildschirmfoto-2013-04-07-um-12.25.05.png\" target=\"_blank\"><img loading=\"lazy\" decoding=\"async\" class=\" wp-image-589\" alt=\"Bildschirmfoto 2013-04-07 um 12.25.05\" src=\"http:\/\/teuwissen.ch\/radiofamilie\/wp-content\/uploads\/2012\/05\/Bildschirmfoto-2013-04-07-um-12.25.05.png\" width=\"250\" height=\"251\" srcset=\"https:\/\/teuwissen.ch\/radiofamilie\/wp-content\/uploads\/2012\/05\/Bildschirmfoto-2013-04-07-um-12.25.05.png 312w, https:\/\/teuwissen.ch\/radiofamilie\/wp-content\/uploads\/2012\/05\/Bildschirmfoto-2013-04-07-um-12.25.05-150x150.png 150w, https:\/\/teuwissen.ch\/radiofamilie\/wp-content\/uploads\/2012\/05\/Bildschirmfoto-2013-04-07-um-12.25.05-298x300.png 298w\" sizes=\"auto, (max-width: 250px) 100vw, 250px\" \/><\/a><\/div>\n","protected":false},"excerpt":{"rendered":"<p>&#8220;&#8230;Normal sind wir ja alle nicht&#8230;&#8221; PDF: SHZ Zeitung Die Radiofamilie Pressespiegel: siehe hier Premiere: 24. Mai 2013 Ausverkauft Kammer SCHAUSPIELHAUS Z\u00fcrich Karten: SHZ Spiel: Klaus Br\u00f6mmelmeier, Sean McDonagh, Sarah Hostettler, Lisa Katrina Mayer, Susanne-Marie Wrage Regie: M\u00e9lanie Huber St\u00fcckfassung &hellip; <a href=\"https:\/\/teuwissen.ch\/radiofamilie\/?page_id=11\">Continue reading <span class=\"meta-nav\">&rarr;<\/span><\/a><\/p>\n","protected":false},"author":1,"featured_media":123,"parent":0,"menu_order":0,"comment_status":"open","ping_status":"closed","template":"","meta":{"footnotes":""},"class_list":["post-11","page","type-page","status-publish","has-post-thumbnail","hentry"],"_links":{"self":[{"href":"https:\/\/teuwissen.ch\/radiofamilie\/index.php?rest_route=\/wp\/v2\/pages\/11","targetHints":{"allow":["GET"]}}],"collection":[{"href":"https:\/\/teuwissen.ch\/radiofamilie\/index.php?rest_route=\/wp\/v2\/pages"}],"about":[{"href":"https:\/\/teuwissen.ch\/radiofamilie\/index.php?rest_route=\/wp\/v2\/types\/page"}],"author":[{"embeddable":true,"href":"https:\/\/teuwissen.ch\/radiofamilie\/index.php?rest_route=\/wp\/v2\/users\/1"}],"replies":[{"embeddable":true,"href":"https:\/\/teuwissen.ch\/radiofamilie\/index.php?rest_route=%2Fwp%2Fv2%2Fcomments&post=11"}],"version-history":[{"count":69,"href":"https:\/\/teuwissen.ch\/radiofamilie\/index.php?rest_route=\/wp\/v2\/pages\/11\/revisions"}],"predecessor-version":[{"id":995,"href":"https:\/\/teuwissen.ch\/radiofamilie\/index.php?rest_route=\/wp\/v2\/pages\/11\/revisions\/995"}],"wp:featuredmedia":[{"embeddable":true,"href":"https:\/\/teuwissen.ch\/radiofamilie\/index.php?rest_route=\/wp\/v2\/media\/123"}],"wp:attachment":[{"href":"https:\/\/teuwissen.ch\/radiofamilie\/index.php?rest_route=%2Fwp%2Fv2%2Fmedia&parent=11"}],"curies":[{"name":"wp","href":"https:\/\/api.w.org\/{rel}","templated":true}]}}