{"id":2,"date":"2012-12-05T15:32:43","date_gmt":"2012-12-05T15:32:43","guid":{"rendered":"http:\/\/teuwissen.ch\/miniaturen\/?page_id=2"},"modified":"2013-11-22T16:01:58","modified_gmt":"2013-11-22T16:01:58","slug":"bfa","status":"publish","type":"page","link":"https:\/\/teuwissen.ch\/miniaturen\/bfa","title":{"rendered":"BFA"},"content":{"rendered":"<p style=\"text-align: center;\"><span style=\"color: #888888;\"><strong>WARUM <span style=\"color: #ca5372;\">B<\/span>EITR\u00c4GE ZUR <span style=\"color: #ca5372;\">F<\/span>\u00d6RDERUNG DER <span style=\"color: #ca5372;\">A<\/span>LLGEMEINBILDUNG?<\/strong><\/span><\/p>\n<p><span style=\"color: #ca5372;\"><br \/>\n<\/span><a href=\"http:\/\/teuwissen.ch\/miniaturen\/wp-content\/uploads\/2012\/12\/IMG_1109-2012-12-18-um-13-40-53.jpg\" target=\"_blank\"><img loading=\"lazy\" decoding=\"async\" class=\" wp-image-230 alignleft\" alt=\"IMG_1109 - 2012-12-18 um 13-40-53\" src=\"http:\/\/teuwissen.ch\/miniaturen\/wp-content\/uploads\/2012\/12\/IMG_1109-2012-12-18-um-13-40-53-300x224.jpg\" width=\"240\" height=\"179\" srcset=\"https:\/\/teuwissen.ch\/miniaturen\/wp-content\/uploads\/2012\/12\/IMG_1109-2012-12-18-um-13-40-53-300x224.jpg 300w, https:\/\/teuwissen.ch\/miniaturen\/wp-content\/uploads\/2012\/12\/IMG_1109-2012-12-18-um-13-40-53-1024x767.jpg 1024w, https:\/\/teuwissen.ch\/miniaturen\/wp-content\/uploads\/2012\/12\/IMG_1109-2012-12-18-um-13-40-53-400x300.jpg 400w, https:\/\/teuwissen.ch\/miniaturen\/wp-content\/uploads\/2012\/12\/IMG_1109-2012-12-18-um-13-40-53.jpg 1459w\" sizes=\"auto, (max-width: 240px) 100vw, 240px\" \/><\/a><span style=\"color: #ca5372;\">Wie allgemein bekannt steht es nicht gut um die Allgemeinbildung.<\/span> <span style=\"color: #ca5372;\">Der <strong>Verein f\u00fcr Verbreitung, Vertiefung und Erh\u00f6hung der Allgemeinbildung<\/strong> versucht diesem generellen Unwissen entschieden entgegen zu wirken.<\/span><\/p>\n<p><span style=\"color: #ca5372;\">Zu diesem Zweck kl\u00e4ren weltweit Mitglieder dieses uneigenn\u00fctzigen Vereines breite Publikumskreise \u00fcber diverse Themen von allgemeiner Bedeutung auf.<\/span><\/p>\n<h1 style=\"text-align: left;\"><span style=\"color: #ca5372;\">D A R U M !<br \/>\nIm Rahmen des Szenische<\/span><span style=\"color: #ca5372;\">n Adventskalender<\/span><span style=\"color: #ca5372;\">s<a href=\"http:\/\/teuwissen.ch\/miniaturen\/wp-content\/uploads\/2012\/12\/IMG_1127.jpg\" target=\"_blank\"><img loading=\"lazy\" decoding=\"async\" class=\"alignright\" alt=\"IMG_1127\" src=\"http:\/\/teuwissen.ch\/miniaturen\/wp-content\/uploads\/2012\/12\/IMG_1127-300x266.jpg\" width=\"169\" height=\"150\" \/><\/a><br \/>\n<\/span><span style=\"color: #ca5372;\">im <strong>Theater Stadelhofen<br \/>\n<\/strong><\/span><span style=\"color: #ca5372;\"><strong><span style=\"color: #ca5372;\">wieder am <span style=\"color: #ff0000;\">Freitag, 13. Dezember 2013<\/span><\/span><br \/>\n4 Beitr\u00e4ge zur F\u00f6rderung der Allgemeinbildung<\/strong><\/span><span style=\"color: #ca5372;\"><br \/>\n* <span style=\"color: #888888;\">Garantiert ironiefrei<\/span> *<\/span><\/h1>\n<p><span style=\"color: #ca5372;\">F\u00fcr Bilder und Details aus 2012, bitte klicken Sie hier:\u00a0 <\/span><strong><a href=\"http:\/\/teuwissen.ch\/miniaturen\/bfa\/bfa-2012\" target=\"_blank\">ARCHIV 2012<br \/>\n<\/a><\/strong><span style=\"color: #ca5372;\">F\u00fcr erste Einblicke in die Entstehungsarbeit: bitte klicken Sie hier:<\/span><br \/>\n<strong><a href=\"http:\/\/teuwissen.ch\/miniaturen\/bfa\/bildungswerkstatt-dreizehn\" target=\"_blank\">Bildungswerkstatt 2013<\/a><\/strong><\/p>\n<p style=\"text-align: right;\"><span style=\"color: #ca5372;\"><strong><span style=\"color: #ff0000;\">Warnung<\/span><\/strong>: Auf Bilder klicken vergr\u00f6ssert sie.<\/span><\/p>\n<p><span style=\"color: #ca5372;\">Reizrosa: #ca5372<\/span><a href=\"http:\/\/teuwissen.ch\/miniaturen\/wp-content\/uploads\/2012\/12\/IMG_1140.jpg\" target=\"_blank\"><img loading=\"lazy\" decoding=\"async\" class=\" wp-image-216   alignleft\" alt=\"\" src=\"http:\/\/teuwissen.ch\/miniaturen\/wp-content\/uploads\/2012\/12\/IMG_1140-300x239.jpg\" width=\"240\" height=\"191\" srcset=\"https:\/\/teuwissen.ch\/miniaturen\/wp-content\/uploads\/2012\/12\/IMG_1140-300x239.jpg 300w, https:\/\/teuwissen.ch\/miniaturen\/wp-content\/uploads\/2012\/12\/IMG_1140-1024x818.jpg 1024w, https:\/\/teuwissen.ch\/miniaturen\/wp-content\/uploads\/2012\/12\/IMG_1140-375x300.jpg 375w, https:\/\/teuwissen.ch\/miniaturen\/wp-content\/uploads\/2012\/12\/IMG_1140.jpg 1319w\" sizes=\"auto, (max-width: 240px) 100vw, 240px\" \/><\/a><\/p>\n<p><a href=\"http:\/\/teuwissen.ch\/miniaturen\/wp-content\/uploads\/2012\/12\/IMG_1129.jpg\" target=\"_blank\"><img loading=\"lazy\" decoding=\"async\" class=\" wp-image-217  alignnone\" alt=\"\" src=\"http:\/\/teuwissen.ch\/miniaturen\/wp-content\/uploads\/2012\/12\/IMG_1129-300x181.jpg\" width=\"270\" height=\"163\" srcset=\"https:\/\/teuwissen.ch\/miniaturen\/wp-content\/uploads\/2012\/12\/IMG_1129-300x181.jpg 300w, https:\/\/teuwissen.ch\/miniaturen\/wp-content\/uploads\/2012\/12\/IMG_1129-1024x619.jpg 1024w, https:\/\/teuwissen.ch\/miniaturen\/wp-content\/uploads\/2012\/12\/IMG_1129-495x300.jpg 495w, https:\/\/teuwissen.ch\/miniaturen\/wp-content\/uploads\/2012\/12\/IMG_1129.jpg 1300w\" sizes=\"auto, (max-width: 270px) 100vw, 270px\" \/><\/a><\/p>\n<p style=\"text-align: center;\"><a href=\"http:\/\/teuwissen.ch\/miniaturen\/wp-content\/uploads\/2012\/12\/IMG_1160.jpg\" target=\"_blank\"><img loading=\"lazy\" decoding=\"async\" class=\"wp-image-218 alignleft\" alt=\"BFA (Technicolor)\" src=\"http:\/\/teuwissen.ch\/miniaturen\/wp-content\/uploads\/2012\/12\/IMG_1160-218x300.jpg\" width=\"174\" height=\"240\" srcset=\"https:\/\/teuwissen.ch\/miniaturen\/wp-content\/uploads\/2012\/12\/IMG_1160-218x300.jpg 218w, https:\/\/teuwissen.ch\/miniaturen\/wp-content\/uploads\/2012\/12\/IMG_1160-745x1024.jpg 745w, https:\/\/teuwissen.ch\/miniaturen\/wp-content\/uploads\/2012\/12\/IMG_1160.jpg 865w\" sizes=\"auto, (max-width: 174px) 100vw, 174px\" \/><\/a><\/p>\n<p style=\"text-align: left;\"><span style=\"color: #ca5372;\"><strong>\u00ac\u00a0<\/strong>R<\/span><span style=\"color: #ca5372;\">eferatanfang: <span style=\"color: #888888;\"><strong>18.00 Uhr<\/strong><\/span><strong><br \/>\n\u00ac <\/strong>Die Dezember-Bar mit dezentem Weihnachtspunsch \u00f6ffnet bereits ab <span style=\"color: #888888;\"><strong>17.30<\/strong><\/span> Uhr.<strong><br \/>\n\u00ac <\/strong>Dauer <span style=\"color: #888888;\"><strong>29 Minuten<\/strong><\/span> (Nichts w\u00e4hrt ewig&#8230;)<strong><strong><br \/>\n\u00ac <\/strong><\/strong>Eintritt<strong> <span style=\"color: #888888;\">frei<\/span><\/strong><\/span><\/p>\n<p style=\"text-align: center;\"><strong><a href=\"http:\/\/teuwissen.ch\/miniaturen\/wp-content\/uploads\/2012\/12\/Bildschirmfoto-2012-12-06-um-19.36.17.png\" target=\"_blank\"><img loading=\"lazy\" decoding=\"async\" class=\"aligncenter\" title=\"Bildschirmfoto 2012-12-06 um 19.36.17\" alt=\"\" src=\"http:\/\/teuwissen.ch\/miniaturen\/wp-content\/uploads\/2012\/12\/Bildschirmfoto-2012-12-06-um-19.36.17.png\" width=\"366\" height=\"91\" \/><\/a><\/strong><span style=\"color: #ca5372;\">Bildungsreferentinnen:<\/span><br \/>\n<span style=\"color: #000000;\"><span style=\"color: #ffffff;\"><span style=\"color: #ca5372;\">Frau<\/span><strong>\u00a0<span style=\"color: #c0c0c0;\"> M\u00e9lanie\u00a0 H U B E R<\/span><\/strong><\/span>\u00a0\u00a0 <span style=\"color: #ca5372;\">&amp; \u00a0 \u00a0<\/span><\/span><span style=\"color: #ca5372;\"> <span style=\"color: #ffffff;\"><span style=\"color: #ca5372;\">Frau<\/span><strong>\u00a0<span style=\"color: #c0c0c0;\"> Olivia\u00a0 S T U T Z<br \/>\n<\/span><\/strong><\/span><\/span><\/p>\n<p style=\"text-align: center;\"><span style=\"color: #ca5372;\">Referate, Liedtexte &amp; Einstudierung:<\/span><br \/>\n<span style=\"color: #888888;\"><span style=\"color: #ca5372;\">Herr<\/span><strong><span style=\"color: #ca5372;\">\u00a0<\/span> <span style=\"color: #c0c0c0;\">Stephan T E U W I S S E N<br \/>\n<\/span><\/strong><\/span><\/p>\n<p>Orthographischer Hinweis:<br \/>\n<span style=\"color: #ca5372;\">Die Referentinnen tragen alle Beitr\u00e4ge in alter Rechtschreibung vor.<\/span><\/p>\n<p style=\"text-align: right;\"><span style=\"color: #888888;\"><strong>Co-Produktion<\/strong><\/span>: <span style=\"color: #ca5372;\">Theater Billie \/ Theater Stadelhofen \/ Dynamo Z\u00fcrich<br \/>\nM53 \/ Detlev Holz Stiftung \/ Vrienden v.h. Vlaams Paard \/ c.e.t.<br \/>\nBartleby Institute \/ The Da Capo Co. \/ Grillenvertilger AG<br \/>\nInstitut f\u00fcr Sollbruchstellenforschung\u00a0<\/span><span style=\"color: #ca5372;\"> <span style=\"color: #888888;\">u.v.m.<\/span><\/span><\/p>\n<p style=\"text-align: center;\"><strong><a href=\"http:\/\/teuwissen.ch\/miniaturen\/wp-content\/uploads\/2012\/12\/596kl.jpg\" target=\"_blank\"><img loading=\"lazy\" decoding=\"async\" class=\"size-medium wp-image-103 aligncenter\" title=\"596kl\" alt=\"\" src=\"http:\/\/teuwissen.ch\/miniaturen\/wp-content\/uploads\/2012\/12\/596kl-300x142.jpg\" width=\"300\" height=\"142\" srcset=\"https:\/\/teuwissen.ch\/miniaturen\/wp-content\/uploads\/2012\/12\/596kl-300x142.jpg 300w, https:\/\/teuwissen.ch\/miniaturen\/wp-content\/uploads\/2012\/12\/596kl-1024x486.jpg 1024w, https:\/\/teuwissen.ch\/miniaturen\/wp-content\/uploads\/2012\/12\/596kl-500x237.jpg 500w\" sizes=\"auto, (max-width: 300px) 100vw, 300px\" \/><\/a><\/strong><strong><span style=\"color: #ca5372;\">Referate sind derer 4 und ihre Titel lauten:<\/span><\/strong><\/p>\n<blockquote>\n<p style=\"text-align: left;\"><span style=\"color: #ca5372;\"><em><span style=\"color: #ca5372;\"><span style=\"color: #c0c0c0;\">\u2022<\/span> Das Anfangs-Referat <\/span><\/em><span style=\"color: #c0c0c0;\"><strong>\u00dcber Gemeinpl\u00e4tze<i><br \/>\n<\/i><\/strong><\/span><span style=\"color: #888888;\"><em><span style=\"text-decoration: underline;\">Zitat<\/span>:<\/em> <\/span>&#8220;Was platt, breitgetreten und abgedroschen ist, bar jeglicher Originalit\u00e4t oder Fantasie, stiftet Gemeinsamkeit, Verbundenheit und B\u00fcrgersinn und dies oft in weit st\u00e4rkerem Masse als geniale Grosstaten oder tiefsch\u00fcrfende Einsichten&#8230;&#8221;\u00a0\u00a0<\/span><\/p>\n<p style=\"text-align: left;\">\n<\/blockquote>\n<blockquote>\n<p style=\"text-align: left;\"><span style=\"color: #ca5372;\"><span style=\"color: #888888;\"><em><span style=\"color: #ca5372;\"><em><span style=\"color: #c0c0c0;\">\u2022<\/span> Das n\u00e4chste Referat<\/em><\/span> <\/em><strong><span style=\"color: #c0c0c0;\">\u00dcber das\u00a0 Wiederholen<br \/>\n<\/span><\/strong><em><span style=\"text-decoration: underline;\">Zitat<\/span>:<\/em><\/span> &#8220;<\/span><span style=\"color: #ca5372;\">\u00dcber das Wiederholen haben hochsensible Historiker h\u00e4ufig horrend lange, nicht aufh\u00f6ren wollende Aufs\u00e4tze abgeschieden. Darin wiederholen sie ad nauseam, dass sich die Geschichte wiederholt&#8230;<\/span><span style=\"color: #ca5372;\">&#8221;\u00a0 <\/span><\/p>\n<p style=\"text-align: center;\"><span style=\"color: #ca5372;\"><em><span style=\"text-decoration: underline;\">Zur Illustration<\/span>:\u00a0 Erste Universale Welturauf\u00fchrung<\/em><br \/>\n<em> eines Dacapoiden Gesanges<strong>.<\/strong><\/em><br \/>\n<\/span><\/p>\n<p style=\"text-align: center;\"><i><span style=\"color: #999999;\"><span style=\"text-decoration: underline;\">Zitat<\/span>:<\/span> <span style=\"color: #ca5372;\">&#8220;<\/span><\/i><span style=\"color: #ca5372;\">&#8230;Kommt das Da Capo schon<\/span><br \/>\n<span style=\"color: #ca5372;\"> Gleich nach dem ersten Ton,<\/span><br \/>\n<span style=\"color: #ca5372;\"> f\u00e4ngt die Komposition<\/span><br \/>\n<span style=\"color: #ca5372;\"> beim eignen Ende an&#8230;<\/span><i><span style=\"color: #ca5372;\">&#8220;<\/span><\/i><\/p>\n<p style=\"text-align: left;\"><span style=\"color: #ca5372;\"><span style=\"color: #888888;\"><em><span style=\"color: #ca5372;\"><em>\u00a0<span style=\"color: #c0c0c0;\">\u2022<\/span> Vorletztes Referat<\/em><\/span><\/em><strong><span style=\"color: #c0c0c0;\"> \u00dcber\u00a0 die\u00a0 Einfallslosigkeit<br \/>\n<\/span><\/strong><em>Zitat:<\/em> <\/span>&#8220;.Einfallslosigkeit liegt dann vor, wenn nichts da ist, wenn im Kopf alles leer und w\u00fcst und knochenmehlig ist&#8230;&#8221; <\/span><\/p>\n<p style=\"text-align: center;\"><span style=\"color: #ca5372;\"><span style=\"color: #c0c0c0;\">\u2022<\/span> Musicalisches Intermezzo<strong><br \/>\n<span style=\"color: #c0c0c0;\"><em>Memorabler\u00a0 Mahngesang<\/em><\/span><\/strong><\/span><em><span style=\"color: #ca5372;\"><br \/>\nin einer zeitgen\u00f6ssisschen Tonsetzung von<\/span><strong><br \/>\n<span style=\"color: #888888;\"><span style=\"color: #c0c0c0;\">Pascal Destraz<br \/>\n<\/span><\/span><\/strong><\/em><span style=\"color: #ca5372;\"><span style=\"color: #888888;\"><em>Zitat:<\/em><\/span> &#8220;&#8230;mach nach Mitternacht vorm Spiegel Fratzen nicht,<\/span><br \/>\n<span style=\"color: #ca5372;\">bei offnem Weine l\u00f6sch kein Kerzenlicht&#8230;&#8221;<br \/>\n<\/span><\/p>\n<\/blockquote>\n<blockquote>\n<p style=\"text-align: left;\"><span style=\"color: #888888;\"><em><em><span style=\"color: #ca5372;\"><span style=\"color: #c0c0c0;\">\u2022<\/span> Zusatzreferat (ev.)<\/span><\/em><\/em><\/span><span style=\"color: #ca5372;\"><span style=\"color: #888888;\"><strong><span style=\"color: #c0c0c0;\"> \u00dcber die H\u00f6hlenmenschen<\/span><br \/>\n<\/strong><em>Zitat:<\/em> <\/span>&#8220;..Die H\u00f6hlenmenschen erreichten selten ein hohes Alter, da sie von S\u00e4beltigern, B\u00e4ren oder einander verspeist wurden&#8230;&#8221; <\/span><\/p>\n<\/blockquote>\n<p style=\"text-align: center;\">\u00a0<a href=\"http:\/\/teuwissen.ch\/miniaturen\/wp-content\/uploads\/2012\/12\/IMG_4982.jpg\" target=\"_blank\"><img loading=\"lazy\" decoding=\"async\" class=\"aligncenter  wp-image-444\" alt=\"IMG_4982\" src=\"http:\/\/teuwissen.ch\/miniaturen\/wp-content\/uploads\/2012\/12\/IMG_4982-270x300.jpg\" width=\"216\" height=\"240\" srcset=\"https:\/\/teuwissen.ch\/miniaturen\/wp-content\/uploads\/2012\/12\/IMG_4982-270x300.jpg 270w, https:\/\/teuwissen.ch\/miniaturen\/wp-content\/uploads\/2012\/12\/IMG_4982-922x1024.jpg 922w\" sizes=\"auto, (max-width: 216px) 100vw, 216px\" \/><\/a><\/p>\n<p>Plakat im fingerfertigem Format (bitte nur f\u00fcr Bildungszwecke)<br \/>\nPDF&#8211;&gt; <a href=\"http:\/\/teuwissen.ch\/miniaturen\/wp-content\/uploads\/2012\/12\/PlakatPult2012.pdf\"><span style=\"color: #99ccff;\">PlakatPult2012<\/span><br \/>\n<\/a>JPG&#8211;&gt;<span style=\"color: #99ccff;\"> <a href=\"http:\/\/teuwissen.ch\/miniaturen\/wp-content\/uploads\/2012\/12\/Pult2012.jpg\"><span style=\"color: #99ccff;\">Hier<\/span><\/a><a href=\"http:\/\/teuwissen.ch\/miniaturen\/wp-content\/uploads\/2012\/12\/PlakatPult2012.pdf\"><span style=\"color: #99ccff;\"><br \/>\n<\/span><\/a><\/span><\/p>\n<p><a href=\"http:\/\/teuwissen.ch\/miniaturen\/wp-content\/uploads\/2012\/12\/Referentinnen.jpg\" target=\"_blank\"><img loading=\"lazy\" decoding=\"async\" class=\"alignleft\" title=\"Referentinnen\" alt=\"\" src=\"http:\/\/teuwissen.ch\/miniaturen\/wp-content\/uploads\/2012\/12\/Referentinnen.jpg\" width=\"239\" height=\"248\" \/><\/a><\/p>\n<p>&nbsp;<\/p>\n<p>&nbsp;<\/p>\n<p><span style=\"color: #ca5372;\"><br \/>\n<\/span><\/p>\n<p>&nbsp;<\/p>\n<p>&nbsp;<\/p>\n<p>&nbsp;<\/p>\n<p style=\"text-align: center;\"><a href=\"http:\/\/www.theater-stadelhofen.ch\" target=\"_blank\">Theater Stadelhofen<\/a><\/p>\n<p style=\"text-align: left;\"><span style=\"color: #ffcc99;\"><strong>\u00dcbrigens<\/strong>:<\/span> <span style=\"color: #ffcc99;\">Am o1. Dezember\u00a0schl\u00fcpft kein geringerer als <strong>Ospelt Ingo<\/strong><\/span> <span style=\"color: #ffcc99;\">in die Rolle des leicht abgehalferten <em><strong>Grossen B\u00f6sen Wolfes.<\/strong><\/em><\/span> <span style=\"color: #ffcc99;\">F\u00fcr Bilder und w<\/span><span style=\"color: #ca5372;\"><span style=\"color: #ffcc99;\">eitere Aufkl\u00e4rung:<\/span><br \/>\n<a href=\"http:\/\/teuwissen.ch\/miniaturen\/lupus\" target=\"_blank\">lupus sum<\/a><br \/>\n<span style=\"color: #888888;\"><span style=\"color: #888888;\"><span style=\"color: #ca5372;\"><a href=\"http:\/\/www.melaniehuber.com\/projekte_content.php?project_id=8&amp;typ=demnaechst\">Dezemberbuch vom Grosen B\u00f6sen Wolf<\/a><\/span><\/span><\/span><\/span><\/p>\n<p>&nbsp;<\/p>\n<p><span style=\"color: #ca5372;\">Reizrosa: #ca5372<\/span><\/p>\n<p><span style=\"color: #ca5372;\">\u00a0<\/span><\/p>\n<p><span style=\"color: #ca5372;\">\u00a0<\/span><\/p>\n","protected":false},"excerpt":{"rendered":"<p>WARUM BEITR\u00c4GE ZUR F\u00d6RDERUNG DER ALLGEMEINBILDUNG? Wie allgemein bekannt steht es nicht gut um die Allgemeinbildung. Der Verein f\u00fcr Verbreitung, Vertiefung und Erh\u00f6hung der Allgemeinbildung versucht diesem generellen Unwissen entschieden entgegen zu wirken. Zu diesem Zweck kl\u00e4ren weltweit Mitglieder dieses &hellip; <a href=\"https:\/\/teuwissen.ch\/miniaturen\/bfa\">Continue reading <span class=\"meta-nav\">&rarr;<\/span><\/a><\/p>\n","protected":false},"author":1,"featured_media":230,"parent":0,"menu_order":0,"comment_status":"open","ping_status":"closed","template":"","meta":{"jetpack_post_was_ever_published":false,"footnotes":""},"class_list":["post-2","page","type-page","status-publish","has-post-thumbnail","hentry"],"jetpack_sharing_enabled":false,"jetpack_shortlink":"https:\/\/wp.me\/P2Xw0R-2","_links":{"self":[{"href":"https:\/\/teuwissen.ch\/miniaturen\/wp-json\/wp\/v2\/pages\/2","targetHints":{"allow":["GET"]}}],"collection":[{"href":"https:\/\/teuwissen.ch\/miniaturen\/wp-json\/wp\/v2\/pages"}],"about":[{"href":"https:\/\/teuwissen.ch\/miniaturen\/wp-json\/wp\/v2\/types\/page"}],"author":[{"embeddable":true,"href":"https:\/\/teuwissen.ch\/miniaturen\/wp-json\/wp\/v2\/users\/1"}],"replies":[{"embeddable":true,"href":"https:\/\/teuwissen.ch\/miniaturen\/wp-json\/wp\/v2\/comments?post=2"}],"version-history":[{"count":183,"href":"https:\/\/teuwissen.ch\/miniaturen\/wp-json\/wp\/v2\/pages\/2\/revisions"}],"predecessor-version":[{"id":445,"href":"https:\/\/teuwissen.ch\/miniaturen\/wp-json\/wp\/v2\/pages\/2\/revisions\/445"}],"wp:featuredmedia":[{"embeddable":true,"href":"https:\/\/teuwissen.ch\/miniaturen\/wp-json\/wp\/v2\/media\/230"}],"wp:attachment":[{"href":"https:\/\/teuwissen.ch\/miniaturen\/wp-json\/wp\/v2\/media?parent=2"}],"curies":[{"name":"wp","href":"https:\/\/api.w.org\/{rel}","templated":true}]}}