{"id":529,"date":"2012-01-19T07:23:33","date_gmt":"2012-01-19T07:23:33","guid":{"rendered":"http:\/\/blog.zhdk.ch\/kint\/?page_id=529"},"modified":"2015-02-18T16:21:27","modified_gmt":"2015-02-18T15:21:27","slug":"vorschau","status":"publish","type":"page","link":"https:\/\/teuwissen.ch\/kleistinthun\/vorschau\/","title":{"rendered":"Wo Wann Wer"},"content":{"rendered":"<p style=\"text-align: left;\"><a href=\"http:\/\/www.theater-stadelhofen.ch\/\" target=\"_blank\"><strong>THEATER STADELHOFEN<\/strong><\/a><\/p>\n<p style=\"text-align: left;\"><a href=\"http:\/\/teuwissen.ch\/kleistinthun\/wp-content\/uploads\/2012\/01\/IMG_0171.jpg\" target=\"_blank\">TA Do. 16.01.2014<br \/>\n<\/a><a href=\"http:\/\/www.zueritipp.ch\/buehne\/buehne\/wieder-draussen\/story\/29327379\/\">Vorbericht im <strong>Tagesanzeiger<\/strong><\/a><\/p>\n<p style=\"text-align: left;\"><strong>PREMIERE <\/strong><strong><span style=\"color: #c0c0c0;\">Do. 01. M\u00e4rz 2012<\/span>, 20.15 Uhr <\/strong><span style=\"color: #888888;\"><span style=\"color: #ff99cc;\">ausverkauft!<\/span><strong><br \/>\n<span style=\"text-decoration: underline;\"><a href=\"http:\/\/teuwissen.ch\/kleistinthun\/wp-content\/uploads\/2012\/02\/grfk-2.jpg\" target=\"_blank\"><span style=\"color: #888888; text-decoration: underline;\"><img loading=\"lazy\" decoding=\"async\" class=\"alignleft  wp-image-1120\" title=\"grfk (2)\" src=\"http:\/\/teuwissen.ch\/kleistinthun\/wp-content\/uploads\/2012\/02\/grfk-2-231x300.jpg\" alt=\"\" width=\"208\" height=\"270\" srcset=\"https:\/\/teuwissen.ch\/kleistinthun\/wp-content\/uploads\/2012\/02\/grfk-2-231x300.jpg 231w, https:\/\/teuwissen.ch\/kleistinthun\/wp-content\/uploads\/2012\/02\/grfk-2-790x1024.jpg 790w\" sizes=\"auto, (max-width: 208px) 100vw, 208px\" \/><\/span><\/a><\/span>Weitere Vorstellungen:<br \/>\n<\/strong><\/span><span style=\"color: #888888;\"><strong>Fr. 02. M\u00e4rz, 20.15, So. 04. M\u00e4rz, 18.00<\/strong><\/span><br \/>\n<span style=\"color: #888888;\"> <strong>Fr. 09. M\u00e4rz, 20.15, Sa. 10. M\u00e4rz,\u00a0 20.15<\/strong><strong>,<br \/>\nSo. 11. <strong>M\u00e4rz<\/strong>, <\/strong><strong> 18.00<br \/>\nDo. 19. April, Fr. 20. April, 20.15 <\/strong><span style=\"color: #ff99cc;\">Ausverkauft!<br \/>\n<\/span><\/span><strong><span style=\"color: #999999;\">Do. 10. Mai, Fr. 11. Mai, 20.15<\/span><\/strong>\u00a0<span style=\"color: #ff99cc;\">Ausverkauft!<br \/>\n<\/span><span style=\"color: #ffcc99;\"><span style=\"color: #ff00ff;\">___<span style=\"color: #c0c0c0;\">WIEDERAUFNAHME<\/span><\/span><span style=\"color: #c0c0c0;\"> HERBST 2012<\/span><br \/>\n<strong><span style=\"color: #888888;\">3. November, 20.00 Uhr<\/span><\/strong><br \/>\n<span style=\"color: #888888;\"> Gastspiel im <a href=\"http:\/\/www.fabriggli.ch\/\" target=\"_blank\"><span style=\"color: #888888;\">Fabriggli<\/span><\/a>, Werdenberger Kleintheater (Buchs, St.Gallen)<\/span><br \/>\n<span style=\"color: #ff00ff;\"><strong><span style=\"color: #888888;\">15. und 16. November<\/span><\/strong> <span style=\"color: #ff99cc;\">(Ausverkauft!)<\/span><\/span> <strong><span style=\"color: #888888;\">20.15 Uhr<\/span><\/strong><br \/>\n<strong>Theater Stadelhofen <\/strong><\/span><\/p>\n<p style=\"text-align: left;\"><span style=\"color: #ffcc99;\"><span style=\"color: #888888;\"><strong>WINTER 2013<\/strong><\/span><br \/>\n<span style=\"color: #888888;\"> <strong> Do.<\/strong> 10. Jan. 20.15 Uhr<\/span><span style=\"color: #888888;\"> &amp; <strong>So.<\/strong> 13.Jan. 18.00 Uhr.<\/span><\/span><\/p>\n<p><span style=\"color: #808080;\"><strong>JANUAR 2015<\/strong><\/span><br \/>\n<span style=\"color: #808080;\"> <strong>11. Januar 2014<\/strong>, 20.00 Uhr, Gastspiel im <strong>Fabrikpalast<\/strong> Aarau<\/span><br \/>\n<span style=\"color: #808080;\"><strong>16. &amp; 19. Januar 2014,<\/strong> 20.15 Uhr, <strong>Theater Stadelhofen<\/strong><\/span><strong><br \/>\n<\/strong><\/p>\n<p style=\"text-align: left;\"><span style=\"text-decoration: underline; color: #ff6600;\"><strong>2015<\/strong><\/span><br \/>\n<span style=\"color: #ff6600;\"><strong>05. M\u00e4rz 2015<\/strong>, 20.15 <strong>Theater Stadelhofen<\/strong><\/span><br \/>\n<span style=\"color: #ff6600;\"> <strong>06. M\u00e4rz 2015<\/strong>, 20.15 <strong>Theater Stadelhofen<\/strong> (wahrscheinlich Derniere&#8230;)<\/span><\/p>\n<p style=\"text-align: left;\">Karten: <a href=\"http:\/\/www.theater-stadelhofen.ch\/\"><strong>HIER<\/strong><\/a><\/p>\n<p style=\"text-align: center;\">\u00a0eine produktion von<br \/>\n<strong>h u b e r\u00a0 &amp;\u00a0 t e u w i s s e n<\/strong><\/p>\n<p style=\"text-align: right;\"><span style=\"color: #c0c0c0;\">Regie &amp; Produktionsleitung <strong>M\u00e9lanie Huber<\/strong><\/span><br \/>\n<span style=\"color: #c0c0c0;\"> Dramaturgie &amp; St\u00fcckfassung <strong>Stephan Teuwissen<\/strong><\/span><br \/>\n<span style=\"color: #c0c0c0;\"> Spiel <strong>Pascal Destr<\/strong><strong>az<\/strong>,<strong> Tomas Flachs <strong>N\u00f3brega<\/strong><\/strong>,<strong> Lara K\u00f6rte<\/strong><\/span><br \/>\n<span style=\"color: #c0c0c0;\"> Komposition <strong>Pascal Destraz<a href=\"http:\/\/teuwissen.ch\/kleistinthun\/wp-content\/uploads\/2012\/02\/kleist_in_thun41.jpg\"><img loading=\"lazy\" decoding=\"async\" class=\"alignright\" title=\"kleist_in_thun4\" src=\"http:\/\/teuwissen.ch\/kleistinthun\/wp-content\/uploads\/2012\/02\/kleist_in_thun41-211x300.jpg\" alt=\"\" width=\"169\" height=\"240\" \/><\/a><\/strong><\/span><br \/>\n<span style=\"color: #c0c0c0;\">Regieassistenz <strong>Stephanie Schmidt<\/strong><\/span><br \/>\n<span style=\"color: #c0c0c0;\"> Entw\u00fcrf Puppe &amp; Pferd <strong>Nicolas Kristen<\/strong><\/span><br \/>\n<span style=\"color: #c0c0c0;\"> Puppenbau <strong>Christine Rippmann<\/strong><\/span><br \/>\n<span style=\"color: #c0c0c0;\">Kost\u00fcm <strong>Alexandra Kojic<br \/>\n<\/strong>B\u00fchne<strong> Nadia Schrader<\/strong><\/span><br \/>\n<span style=\"color: #c0c0c0;\"> Licht <strong>Robert Meyer<\/strong><\/span><br \/>\n<span style=\"color: #c0c0c0;\"> Probenmitarbeit <strong>Simone Karpf<br \/>\n<\/strong>Maske <strong>Carla Alarcon, Winnie Heinz<br \/>\n<\/strong>Ausf\u00fchrung Pferd<strong> Marco Baumgartner<\/strong><\/span><span style=\"color: #888888;\"><br \/>\n<span style=\"color: #c0c0c0;\">Pressefotos <strong>Tanja Dorendorf \/ T+T Fotografie<\/strong><\/span><\/span><\/p>\n<p><strong><strong><br \/>\n<\/strong><\/strong><\/p>\n<p style=\"text-align: left;\"><span style=\"color: #c0c0c0;\">Mit freundlicher Unterst\u00fctzung von<strong><br \/>\n<strong><strong><a href=\"http:\/\/teuwissen.ch\/kleistinthun\/wp-content\/uploads\/2012\/02\/kleist_in_thun51.jpg\"><img loading=\"lazy\" decoding=\"async\" class=\"alignleft\" title=\"kleist_in_thun5\" src=\"http:\/\/teuwissen.ch\/kleistinthun\/wp-content\/uploads\/2012\/02\/kleist_in_thun51-300x211.jpg\" alt=\"\" width=\"189\" height=\"133\" \/><\/a><\/strong><\/strong>Stadt Z\u00fcrich <strong>Kultur<\/strong><br \/>\nKanton Z\u00fcrich Fachstelle Kultur<br \/>\nZ\u00fcrcher Theaterverein<\/strong><\/span><br \/>\n<span style=\"color: #c0c0c0;\"> <strong>Dr. Adolf Streuli-Stiftung<\/strong><\/span><br \/>\n<span style=\"color: #c0c0c0;\"> <strong>Familien-Vontobel-Stiftung<\/strong><\/span><br \/>\n<span style=\"color: #c0c0c0;\"> <strong>Goethe-Stiftung f\u00fcr Kunst und Wissenschaft Z\u00fcrich<\/strong><\/span><\/p>\n<p style=\"text-align: center;\"><a href=\"http:\/\/teuwissen.ch\/kleistinthun\/wp-content\/uploads\/2012\/02\/kleist_in_thun31.jpg\"><img loading=\"lazy\" decoding=\"async\" class=\"aligncenter\" title=\"kleist_in_thun3\" src=\"http:\/\/teuwissen.ch\/kleistinthun\/wp-content\/uploads\/2012\/02\/kleist_in_thun31-300x211.jpg\" alt=\"\" width=\"151\" height=\"107\" \/><\/a><\/p>\n<p style=\"text-align: right;\"><span style=\"color: #c0c0c0;\">Dank an:<\/span><strong><strong><strong><strong><a href=\"http:\/\/teuwissen.ch\/kleistinthun\/wp-content\/uploads\/2012\/02\/kleist_in_thun61.jpg\"><img loading=\"lazy\" decoding=\"async\" class=\"alignright\" title=\"kleist_in_thun6\" src=\"http:\/\/teuwissen.ch\/kleistinthun\/wp-content\/uploads\/2012\/02\/kleist_in_thun61-300x211.jpg\" alt=\"\" width=\"185\" height=\"130\" \/><\/a><\/strong><\/strong><\/strong><\/strong><br \/>\n<span style=\"color: #c0c0c0;\"> <strong><strong>Lars Bachmann, <\/strong>Raoul Breuleux,<br \/>\nAndi Domke, <strong><strong>Annette Erismann<\/strong>, <strong><br \/>\nPatrick Kl\u00f6tzli, <\/strong>Mirjam Kuhn<\/strong>, Martin Meyer, Oskar Rindlisbacher, DYNAMO\u00a0<\/strong><\/span><\/p>\n<p>&nbsp;<\/p>\n<p><span style=\"color: #9e3d3d;\"><em>Er dichtet nat\u00fcrlich.<\/em><\/span><\/p>\n<p><a href=\"http:\/\/teuwissen.ch\/kleistinthun\/wp-content\/uploads\/2012\/02\/kleist_in_thun71.jpg\"><img loading=\"lazy\" decoding=\"async\" class=\"alignleft size-medium wp-image-880\" title=\"kleist_in_thun7\" src=\"http:\/\/teuwissen.ch\/kleistinthun\/wp-content\/uploads\/2012\/02\/kleist_in_thun71-300x211.jpg\" alt=\"\" width=\"300\" height=\"211\" srcset=\"https:\/\/teuwissen.ch\/kleistinthun\/wp-content\/uploads\/2012\/02\/kleist_in_thun71-300x211.jpg 300w, https:\/\/teuwissen.ch\/kleistinthun\/wp-content\/uploads\/2012\/02\/kleist_in_thun71-425x300.jpg 425w, https:\/\/teuwissen.ch\/kleistinthun\/wp-content\/uploads\/2012\/02\/kleist_in_thun71.jpg 992w\" sizes=\"auto, (max-width: 300px) 100vw, 300px\" \/><\/a>Walsers <em>Kleist in Thun <\/em>ist ein dunkles, gef\u00e4hrliches Feuerwerk, ein Text, voller Bilder und Abgr\u00fcnde. Selten finden sich soviel Kraft und F\u00fclle, so viel Lebensgier, Dramatik und Zwiesp\u00e4ltigkeit und dann noch ohne Hysterie in einem so &#8222;kleinen&#8220; Prosatext.<\/p>\n<p style=\"text-align: left;\"><span style=\"color: #9e3d3d;\"><em>Die Luft ist krank.<\/em><\/span><\/p>\n<p><a href=\"http:\/\/teuwissen.ch\/kleistinthun\/wp-content\/uploads\/2012\/02\/kleist_in_thun81.jpg\"><img loading=\"lazy\" decoding=\"async\" class=\"alignleft size-medium wp-image-879\" title=\"kleist_in_thun8\" src=\"http:\/\/teuwissen.ch\/kleistinthun\/wp-content\/uploads\/2012\/02\/kleist_in_thun81-211x300.jpg\" alt=\"\" width=\"211\" height=\"300\" srcset=\"https:\/\/teuwissen.ch\/kleistinthun\/wp-content\/uploads\/2012\/02\/kleist_in_thun81-211x300.jpg 211w, https:\/\/teuwissen.ch\/kleistinthun\/wp-content\/uploads\/2012\/02\/kleist_in_thun81.jpg 699w\" sizes=\"auto, (max-width: 211px) 100vw, 211px\" \/><\/a>Diese Inszenierung bringt mehrere Gestalten, und dazu den Herrn von Kleist h\u00f6chstpers\u00f6nlich auf die B\u00fchne des Theater Stadelhofens. Ein intimer Raum entsteht, fast ein kleiner H\u00f6rsaal, ein Ort zum Ausloten, auf den Grund gehen und Zergliedern, zum Schmunzeln auch und zum Staunen&#8230;<\/p>\n<p>&nbsp;<\/p>\n<p><a href=\"http:\/\/teuwissen.ch\/kleistinthun\/wp-content\/uploads\/2012\/02\/kleist_in_thun91.jpg\"><img loading=\"lazy\" decoding=\"async\" class=\"wp-image-878 alignright\" title=\"kleist_in_thun9\" src=\"http:\/\/teuwissen.ch\/kleistinthun\/wp-content\/uploads\/2012\/02\/kleist_in_thun91-300x211.jpg\" alt=\"\" width=\"300\" height=\"211\" srcset=\"https:\/\/teuwissen.ch\/kleistinthun\/wp-content\/uploads\/2012\/02\/kleist_in_thun91-300x211.jpg 300w, https:\/\/teuwissen.ch\/kleistinthun\/wp-content\/uploads\/2012\/02\/kleist_in_thun91-425x300.jpg 425w, https:\/\/teuwissen.ch\/kleistinthun\/wp-content\/uploads\/2012\/02\/kleist_in_thun91.jpg 992w\" sizes=\"auto, (max-width: 300px) 100vw, 300px\" \/><\/a><strong><a href=\"http:\/\/teuwissen.ch\/kleistinthun\/wp-content\/uploads\/2011\/11\/kleister.jpeg\" target=\"_blank\"><img loading=\"lazy\" decoding=\"async\" class=\"alignnone\" src=\"http:\/\/teuwissen.ch\/kleistinthun\/wp-content\/uploads\/2011\/11\/kleister-156x300.jpg\" alt=\"\" width=\"156\" height=\"300\" \/><\/a><\/strong><a href=\"http:\/\/teuwissen.ch\/kleistinthun\/wp-content\/uploads\/2011\/11\/rippskizz02.jpeg\" target=\"_blank\"><img loading=\"lazy\" decoding=\"async\" class=\"aligncenter\" src=\"http:\/\/teuwissen.ch\/kleistinthun\/wp-content\/uploads\/2011\/11\/rippskizz02-300x186.jpg\" alt=\"\" width=\"300\" height=\"186\" \/><\/a><span style=\"color: #9e3d3d;\"><em><em>Genau<\/em>\u00a0\u00a0\u00a0\u00a0\u00a0 <em>Genau<\/em>\u00a0\u00a0\u00a0\u00a0\u00a0\u00a0\u00a0\u00a0\u00a0\u00a0\u00a0\u00a0\u00a0\u00a0\u00a0\u00a0\u00a0\u00a0\u00a0\u00a0 <em>Genau<\/em>\u00a0\u00a0\u00a0\u00a0\u00a0\u00a0\u00a0\u00a0\u00a0\u00a0\u00a0\u00a0\u00a0\u00a0\u00a0 \u00a0 \u00a0 \u00a0 \u00a0 \u00a0\u00a0\u00a0\u00a0\u00a0 <em>Genau<\/em><\/em><\/span><strong><strong><a href=\"http:\/\/teuwissen.ch\/kleistinthun\/wp-content\/uploads\/2011\/11\/rippskizz05.jpg\" target=\"_blank\"><img loading=\"lazy\" decoding=\"async\" class=\"aligncenter\" src=\"http:\/\/teuwissen.ch\/kleistinthun\/wp-content\/uploads\/2011\/11\/rippskizz05-300x122.jpg\" alt=\"\" width=\"270\" height=\"110\" \/><\/a><\/strong><\/strong><\/p>\n<p style=\"text-align: center;\"><span style=\"color: #9e3d3d;\"><em>Genau wei\u00df man ja das heute, nach mehr als hundert Jahren, nicht mehr&#8230;<\/em><\/span><\/p>\n","protected":false},"excerpt":{"rendered":"<p>THEATER STADELHOFEN TA Do. 16.01.2014 Vorbericht im Tagesanzeiger PREMIERE Do. 01. M\u00e4rz 2012, 20.15 Uhr ausverkauft! Weitere Vorstellungen: Fr. 02. M\u00e4rz, 20.15, So. 04. M\u00e4rz, 18.00 Fr. 09. M\u00e4rz, 20.15, Sa. 10. M\u00e4rz,\u00a0 20.15, So. 11. M\u00e4rz, 18.00 Do. 19. &hellip; <a href=\"https:\/\/teuwissen.ch\/kleistinthun\/vorschau\/\">Weiterlesen <span class=\"meta-nav\">&rarr;<\/span><\/a><\/p>\n","protected":false},"author":1,"featured_media":871,"parent":0,"menu_order":1,"comment_status":"closed","ping_status":"closed","template":"","meta":{"footnotes":""},"class_list":["post-529","page","type-page","status-publish","has-post-thumbnail","hentry"],"_links":{"self":[{"href":"https:\/\/teuwissen.ch\/kleistinthun\/wp-json\/wp\/v2\/pages\/529","targetHints":{"allow":["GET"]}}],"collection":[{"href":"https:\/\/teuwissen.ch\/kleistinthun\/wp-json\/wp\/v2\/pages"}],"about":[{"href":"https:\/\/teuwissen.ch\/kleistinthun\/wp-json\/wp\/v2\/types\/page"}],"author":[{"embeddable":true,"href":"https:\/\/teuwissen.ch\/kleistinthun\/wp-json\/wp\/v2\/users\/1"}],"replies":[{"embeddable":true,"href":"https:\/\/teuwissen.ch\/kleistinthun\/wp-json\/wp\/v2\/comments?post=529"}],"version-history":[{"count":126,"href":"https:\/\/teuwissen.ch\/kleistinthun\/wp-json\/wp\/v2\/pages\/529\/revisions"}],"predecessor-version":[{"id":1426,"href":"https:\/\/teuwissen.ch\/kleistinthun\/wp-json\/wp\/v2\/pages\/529\/revisions\/1426"}],"wp:featuredmedia":[{"embeddable":true,"href":"https:\/\/teuwissen.ch\/kleistinthun\/wp-json\/wp\/v2\/media\/871"}],"wp:attachment":[{"href":"https:\/\/teuwissen.ch\/kleistinthun\/wp-json\/wp\/v2\/media?parent=529"}],"curies":[{"name":"wp","href":"https:\/\/api.w.org\/{rel}","templated":true}]}}