{"id":421,"date":"2012-01-14T13:03:31","date_gmt":"2012-01-14T13:03:31","guid":{"rendered":"http:\/\/blog.zhdk.ch\/kint\/?page_id=421"},"modified":"2012-05-12T06:50:44","modified_gmt":"2012-05-12T04:50:44","slug":"exzerpte","status":"publish","type":"page","link":"https:\/\/teuwissen.ch\/kleistinthun\/bibliothek\/exzerpte\/","title":{"rendered":"Exzerpte&#8230;"},"content":{"rendered":"<p style=\"text-align: left;\"><span style=\"color: #c0c0c0;\"><em><strong> Das Bild liegt, mit seinen zwei oder drei geheimni\u00dfvollen Gegenst\u00e4nden, wie die <a href=\"http:\/\/teuwissen.ch\/kleistinthun\/wp-content\/uploads\/2011\/11\/Caspar_David_Friedrich_-_Der_M\u00f6nch_am_Meer_-_Google_Art_Project.jpg\"><img loading=\"lazy\" decoding=\"async\" class=\"alignright size-thumbnail wp-image-1367\" title=\"Caspar_David_Friedrich_-_Der_M\u00f6nch_am_Meer_-_Google_Art_Project\" src=\"http:\/\/teuwissen.ch\/kleistinthun\/wp-content\/uploads\/2011\/11\/Caspar_David_Friedrich_-_Der_M\u00f6nch_am_Meer_-_Google_Art_Project-150x150.jpg\" alt=\"\" width=\"150\" height=\"150\" \/><\/a><a href=\"http:\/\/teuwissen.ch\/kleistinthun\/wp-content\/uploads\/2011\/11\/M\u00f6nch_Friedrich.jpg\" target=\"_blank\"><span style=\"color: #c0c0c0;\"><br \/>\n<\/span><\/a>Apokalypse da, als ob es Joungs Nachtgedanken h\u00e4tte, und da es, in seiner Einf\u00f6rmigkeit und Uferlosigkeit, nichts, als den Rahm, zum Vordergrund hat, so ist es, wenn man es betrachtet, als ob Einem die Augenlieder weggeschnitten w\u00e4ren. <\/strong><\/em><strong><br \/>\n<span style=\"color: #800000;\">H. v. Kleist<\/span><em><strong><strong><em><strong><\/strong><\/em><\/strong><\/strong><\/em><br \/>\n<em><strong><\/strong><\/em><\/strong><\/span><\/p>\n<h1 style=\"text-align: center;\"><span style=\"color: #c0c0c0;\"><strong><em><em><strong><strong><em><strong><strong><em><em><strong><strong><em><strong>*<strong><em><em><strong><strong><em><strong><strong><em><em><strong><strong><em><strong>*<\/strong><\/em><\/strong><\/strong><\/em><\/em><\/strong>*<\/strong><\/em><\/strong><\/strong><\/em><\/em><\/strong><\/strong><\/em><\/strong><\/strong><\/em><\/em><\/strong><\/strong><\/em><\/strong><\/strong><\/em><\/em><\/strong><\/span><\/h1>\n<p><span style=\"color: #c0c0c0;\"><em><strong>Er m\u00f6chte nur noch Augen haben, nur noch ein einziges Auge sein. Nein, ganz, ganz anders.<\/strong><\/em><strong><br \/>\n<\/strong><\/span><span style=\"color: #800000;\"><strong>Robert Walser<\/strong><\/span><span style=\"color: #800000;\">\u00a0 <em>Kleist in Thun<\/em><\/span><\/p>\n<p style=\"text-align: center;\"><span style=\"color: #c0c0c0;\">\u00a0<strong><em><em><strong><strong><em><strong><strong><em><em><strong><strong><em><strong>*<strong><em><em><strong><strong><em><strong><strong><em><em><strong><strong><em><strong>*<\/strong><\/em><\/strong><\/strong><\/em><\/em><\/strong>*<\/strong><\/em><\/strong><\/strong><\/em><\/em><\/strong><\/strong><\/em><\/strong><\/strong><\/em><\/em><\/strong><\/strong><\/em><\/strong><\/strong><\/em><\/em><\/strong><\/span><\/p>\n<p style=\"text-align: left;\"><span style=\"color: #c0c0c0;\"><strong><em>Wal<\/em><em>ser <\/em><em>will <\/em><em><\/em><em><\/em><em>sich<\/em><em><\/em><em><\/em><em> vi<\/em><em>elmehr i<\/em><em>n Aschenbr\u00f6del erkennnen, weil Aschenbr\u00f6del selbst sich nicht kennt&#8230;<\/em><br \/>\n<span style=\"color: #800000;\">P. Utz<\/span><\/strong><span style=\"color: #800000;\"> <span style=\"text-decoration: underline;\">in<\/span> <em>Tanz auf den R\u00e4ndern<\/em><\/span><\/span><\/p>\n<h1 style=\"text-align: center;\"><span style=\"color: #c0c0c0;\"><strong><em><em><strong><strong><em><strong><strong><em><em><strong><strong><em><strong>*<strong><em><em><strong><strong><em><strong><strong><em><em><strong><strong><em><strong>*<\/strong><\/em><\/strong><\/strong><\/em><\/em><\/strong>*<\/strong><\/em><\/strong><\/strong><\/em><\/em><\/strong><\/strong><\/em><\/strong><\/strong><\/em><\/em><\/strong><\/strong><\/em><\/strong><\/strong><\/em><\/em><\/strong><\/span><\/h1>\n<p><span style=\"color: #c0c0c0;\"><strong><em>And although &#8222;Marionettentheater&#8220; can be said to be about proof, it is not set up as one but as the story or trope of such a demonstration, and a very cagy story at that.<\/em><\/strong><strong><br \/>\n<span style=\"color: #800000;\">P. De Man<\/span><\/strong><span style=\"color: #800000;\">\u00a0\u00a0\u00a0 Aesthetic Formalization: Kleist&#8217;s \u00dcber das Marionettentheater<\/span><strong><span style=\"color: #ffff99;\"><br \/>\n<\/span><\/strong><\/span><\/p>\n<h1 style=\"text-align: center;\"><span style=\"color: #c0c0c0;\"><strong><em><em><strong><strong><em><strong><strong><em><em><strong><strong><em><strong>*<strong><em><em><strong><strong><em><strong><strong><em><em><strong><strong><em><strong>*<\/strong><\/em><\/strong><\/strong><\/em><\/em><\/strong>*<\/strong><\/em><\/strong><\/strong><\/em><\/em><\/strong><\/strong><\/em><\/strong><\/strong><\/em><\/em><\/strong><\/strong><\/em><\/strong><\/strong><\/em><\/em><\/strong><\/span><\/h1>\n<p><span style=\"color: #c0c0c0;\"><strong><em>&#8230;er f\u00fchlte immer f\u00fcr die am st\u00e4rksten, die ihn zum Sprechen veranla\u00dften<\/em><em>&#8230;<\/em><br \/>\n<span style=\"color: #800000;\">Robert Walser<\/span><\/strong>\u00a0 <em><span style=\"color: #800000;\">Geschwister Tanner (Kap. 5)<\/span><br \/>\n<\/em><\/span><\/p>\n<h1 style=\"text-align: center;\"><span style=\"color: #888888;\"><strong><em><em><strong><strong><em><strong><strong><em><em><strong><strong><em><strong>*<strong><em><em><strong><strong><em><strong><strong><em><em><strong><strong><em><strong>*<\/strong><\/em><\/strong><\/strong><\/em><\/em><\/strong>*<\/strong><\/em><\/strong><\/strong><\/em><\/em><\/strong><\/strong><\/em><\/strong><\/strong><\/em><\/em><\/strong><\/strong><\/em><\/strong><\/strong><\/em><\/em><\/strong><\/span><\/h1>\n<p style=\"text-align: left;\"><span style=\"color: #c0c0c0;\"><strong><em><em><strong><strong><em><strong><strong><em><em><strong><strong><em><strong>That is the way with amputations.<br \/>\nThey just don&#8217;t heal up like a wish.<br \/>\n<\/strong><\/em><\/strong><\/strong><\/em><\/em><\/strong><\/strong><\/em><\/strong><\/strong><\/em><\/em><span style=\"color: #800000;\"><strong><strong><strong><strong><strong><strong><strong>Anne Sexton<\/strong><\/strong><\/strong><\/strong><\/strong><\/strong><\/strong><\/span><\/strong><\/span><span style=\"color: #800000;\"> <em>Cinderella<\/em><\/span><\/p>\n<h1 style=\"text-align: center;\"><span style=\"color: #c0c0c0;\"><strong><em><em><strong><strong><em><strong><strong><em><em><strong><strong><em><strong>*<strong><em><em><strong><strong><em><strong><strong><em><em><strong><strong><em><strong>*<\/strong><\/em><\/strong><\/strong><\/em><\/em><\/strong>*<\/strong><\/em><\/strong><\/strong><\/em><\/em><\/strong><\/strong><\/em><\/strong><\/strong><\/em><\/em><\/strong><\/strong><\/em><\/strong><\/strong><\/em><\/em><\/strong><\/span><\/h1>\n<p style=\"text-align: left;\"><span style=\"color: #c0c0c0;\"><em><strong>Unsere Sorgen um das bisschen Identit\u00e4t kennen sie [= <em>Robert Walsers Helden<\/em>] kaum; die Identit\u00e4t ist ihnen nicht \u00a0 a u f g e g e b e n\u00a0 wie ein Pensum, und im<br \/>\nA u f g e b e n \u00a0 von Identit\u00e4t sind sie vorbildlich&#8230;.<br \/>\n&#8230;Diese Tendenz zur sanften Entstrukturierung, in der die Sprache wohlig ein wenig Contenance verliert, zeigt sich noch dort, wo das erz\u00e4hlende Ich &#8230; zur forcierten Selbstdefinition \u00fcbergeht, wo es pausenlos beschw\u00f6rt, was es f\u00fcr seine Identit\u00e4t h\u00e4lt&#8230;<br \/>\n<span style=\"color: #800000;\">Martin J\u00fcrgens\u00a0 <\/span><\/strong><span style=\"color: #800000;\">Die Aufgabe der Identit\u00e4t \u2013 Robert Walsers Helden<strong><br \/>\n<\/strong><\/span><\/em><\/span><\/p>\n<h1 style=\"text-align: center;\" align=\"right\"><span style=\"color: #c0c0c0;\"><strong><em><strong><em><em><strong><strong><em><strong><strong><em><em><strong><strong><em><strong>*<strong><em><em><strong><strong><em><strong><strong><em><em><strong><strong><em><strong>*<\/strong><\/em><\/strong><\/strong><\/em><\/em><\/strong>*<\/strong><\/em><\/strong><\/strong><\/em><\/em><\/strong><\/strong><\/em><\/strong><\/strong><\/em><\/em><\/strong><\/strong><\/em><\/strong><\/strong><\/em><\/em><\/strong><\/em><\/strong><\/span><\/h1>\n<p style=\"text-align: left;\" align=\"right\"><span style=\"color: #c0c0c0;\"><strong><em>&#8230;crotesques, qui sont peintures fantasques, n&#8217;ayant grace qu&#8217;en la variet\u00e9 et estranget\u00e9. Que sont-ce icy aussi, \u00e0 la verit\u00e9, que crotesques et corps monstrueux, rappiecez de divers membres, sans certaine figure, n&#8217;ayants ordre, suite ny proportion que fortuite?&#8230;<\/em><br \/>\n<span style=\"color: #800000;\">Montaigne<\/span><\/strong><span style=\"color: #800000;\"><em> De l&#8217;Amiti\u00e9<\/em><\/span><\/span><\/p>\n<p style=\"text-align: left;\" align=\"right\"><span style=\"color: #c0c0c0;\"><em>(<\/em>Grotesken und phantastische K\u00f6rper, die aus verschiedenen Gliedern zusammengestoppelt sind, die keine bestimmte Gestalt haben, in keine Ordnung geh\u00f6ren, au\u00dfer der Natur, au\u00dfer allem Verh\u00e4ltnis sind&#8230;)<\/span><\/p>\n<h1 style=\"text-align: center;\" align=\"right\"><span style=\"color: #c0c0c0;\"><strong><em><strong><em><em><strong><strong><em><strong><strong><em><em><strong><strong><em><strong>*<strong><em><em><strong><strong><em><strong><strong><em><em><strong><strong><em><strong>*<\/strong><\/em><\/strong><\/strong><\/em><\/em><\/strong>*<\/strong><\/em><\/strong><\/strong><\/em><\/em><\/strong><\/strong><\/em><\/strong><\/strong><\/em><\/em><\/strong><\/strong><\/em><\/strong><\/strong><\/em><\/em><\/strong><\/em><\/strong><\/span><\/h1>\n<p style=\"text-align: left;\" align=\"right\"><span style=\"color: #c0c0c0;\"><em><strong><a href=\"http:\/\/teuwissen.ch\/kleistinthun\/wp-content\/uploads\/2012\/01\/creature.jpg\" target=\"_blank\"><span style=\"color: #c0c0c0;\"><img loading=\"lazy\" decoding=\"async\" class=\"alignright  wp-image-668\" title=\"creature\" src=\"http:\/\/teuwissen.ch\/kleistinthun\/wp-content\/uploads\/2012\/01\/creature-300x169.jpg\" alt=\"\" width=\"168\" height=\"95\" srcset=\"https:\/\/teuwissen.ch\/kleistinthun\/wp-content\/uploads\/2012\/01\/creature-300x169.jpg 300w, https:\/\/teuwissen.ch\/kleistinthun\/wp-content\/uploads\/2012\/01\/creature.jpg 481w\" sizes=\"auto, (max-width: 168px) 100vw, 168px\" \/><\/span><\/a><\/strong><\/em><em><\/em><\/span><\/p>\n<p style=\"text-align: left;\"><span style=\"color: #c0c0c0;\"><em><strong>My spirits were elevated by the enchanting appearance of nat<\/strong><\/em><em><strong><\/strong><\/em><em><strong><\/strong><\/em><em><strong>ure;<\/strong><\/em><em><strong> t<\/strong><\/em><em><strong>he past was blotted from my memory, the present was tranquil, and the future <\/strong><\/em><em><strong><\/strong><\/em><em><strong>gilded by bright rays of hope and anticipations of joy&#8230;<\/strong><\/em><\/span><br \/>\n<span style=\"color: #800000;\"> <strong> Mary Wollstonecraft-Shelley <\/strong>Tale of the Creature<\/span><\/p>\n<h1 style=\"text-align: center;\" align=\"right\"><span style=\"color: #c0c0c0;\"><strong>***<\/strong><\/span><\/h1>\n<p style=\"text-align: left;\"><span style=\"color: #c0c0c0;\"><em><strong>The Pile of Years is not so high<br \/>\nAs when you came before<br \/>\nBut it is rising every Day<br \/>\nFrom recollection&#8217;s Floor<br \/>\nAnd while by standing on my Heart<br \/>\nI still can reach the top<br \/>\nEfface the mountain with your face<br \/>\nAnd catch me ere I drop<br \/>\n<\/strong><\/em><span style=\"color: #800000;\"><strong> Emily Dickinson<br \/>\n<\/strong>(1880 &#8211; Varianten im Manuskript f\u00fcr &#8222;<em><span style=\"text-decoration: underline;\">mountain<\/span>&#8220; in Zeile 7:<\/em><\/span><\/span><span style=\"color: #800000;\"> &#8222;<em>monster<\/em>&#8222;, &#8222;<em>stature<\/em>&#8222;, &#8222;<em>spectre<\/em>&#8222;, &#8222;<em>trouble<\/em>&#8222;&#8230;)<\/span><\/p>\n<h1 style=\"text-align: center;\" align=\"right\"><span style=\"color: #c0c0c0;\"><strong><strong><strong><strong><strong><strong><strong><strong><strong>*<strong><strong><strong><strong><strong><strong><strong><strong>*<\/strong><\/strong><\/strong><\/strong>*<\/strong><\/strong><\/strong><\/strong><\/strong><\/strong><\/strong><\/strong><\/strong><\/strong><\/strong><\/strong><\/strong><\/span><\/h1>\n<p style=\"text-align: left;\"><span style=\"color: #c0c0c0;\"><strong><em>Das Ineinanderverkeilen von Ich und Welt beherrscht generell bei subjektbezogener Literatur vor allem die moderne Literatur, zumal der im Geruche des Autobiographischen stehenden. Im Gegensatz zu Thomas Bernhard oder Elfriede Jelinek frisst aber das fingierte Ich die Welt nicht (ha\u00dferf\u00fcllt) auf. Robert Walsers thematischer Prim\u00e4rber\u00fchrungseffekt ist, dass er die L\u00fccke zwischen \u00e4sthetischem Ich und Welt nicht schlie\u00dft, sondern sie offen h\u00e4lt. Er h\u00e4lt sie offen durch zwei Verfahren: durch die Selbstthematisierung des \u00e4sthetischen, voyeuristischen, des schreibenden Ichs und durch die Komisierung dieses Ichs. Bernhards (bei aller Komik) und Jelineks Erz\u00e4hlfiguren wollen Recht behalten. In \u00abKleist in Thun\u00bb sind das erz\u00e4hlte Ich wie das erz\u00e4hlende Ich dubiose Kantonisten.<\/em><\/strong><\/span><br \/>\n<span style=\"color: #800000;\"> <strong>Hermann Kinder\u00a0 <\/strong><em>Leseerfahrung mit \u00abRobert Kleist in Thun\u00bb<strong><br \/>\n<\/strong><\/em><\/span><\/p>\n<h1 style=\"text-align: center;\" align=\"right\"><span style=\"color: #c0c0c0;\"><strong><em><strong><em><em><strong><strong><em><strong><strong><em><em><strong><strong><em><strong>*<strong><em><em><strong><strong><em><strong><strong><em><em><strong><strong><em><strong>*<\/strong><\/em><\/strong><\/strong><\/em><\/em><\/strong>*<\/strong><\/em><\/strong><\/strong><\/em><\/em><\/strong><\/strong><\/em><\/strong><\/strong><\/em><\/em><\/strong><\/strong><\/em><\/strong><\/strong><\/em><\/em><\/strong><\/em><\/strong><\/span><\/h1>\n<p style=\"text-align: left;\"><span style=\"color: #c0c0c0;\"><em><strong>&#8230;mit dem Charakter einer Teppichweberei, eines Spieles mit Worten, von etwas Mosaikartigem&#8230;<br \/>\n<span style=\"color: #800000;\">Robert Walser<\/span><\/strong><span style=\"color: #800000;\">, Brief vom 22.05.1927 (Zit. nach T.S. Evans )<\/span><\/em><\/span><\/p>\n<h1 style=\"text-align: center;\" align=\"right\"><span style=\"color: #c0c0c0;\"><strong><em><strong><em><em><strong><strong><em><strong><strong><em><em><strong><strong><em><strong>*<strong><em><em><strong><strong><em><strong><strong><em><em><strong><strong><em><strong>*<\/strong><\/em><\/strong><\/strong><\/em><\/em><\/strong>*<\/strong><\/em><\/strong><\/strong><\/em><\/em><\/strong><\/strong><\/em><\/strong><\/strong><\/em><\/em><\/strong><\/strong><\/em><\/strong><\/strong><\/em><\/em><\/strong><\/em><\/strong><\/span><\/h1>\n<p style=\"text-align: left;\"><span style=\"color: #c0c0c0;\"><em><strong>Mithin, sagte ich ein wenig zerstreut, m\u00fc\u00dften wir wieder von dem Baum der Erkenntnis essen, um in den Stand der Unschuld zur\u00fcckzufallen? Allerdings, antwortete er, das ist das letzte Kapitel von der Geschichte der Welt\u2026<br \/>\n<\/strong><\/em><span style=\"color: #800000;\"><strong><strong>H. v. Kleist<\/strong><\/strong><\/span><em><strong><br \/>\n<\/strong><\/em><\/span><\/p>\n<p style=\"text-align: center;\"><span style=\"color: #c0c0c0;\"><em><strong><a href=\"http:\/\/teuwissen.ch\/kleistinthun\/wp-content\/uploads\/2012\/01\/dilr-1.jpg\" target=\"_blank\"><img loading=\"lazy\" decoding=\"async\" class=\"size-medium wp-image-1004 aligncenter\" title=\"dilr (1)\" src=\"http:\/\/teuwissen.ch\/kleistinthun\/wp-content\/uploads\/2012\/01\/dilr-1-300x223.jpg\" alt=\"\" width=\"300\" height=\"223\" srcset=\"https:\/\/teuwissen.ch\/kleistinthun\/wp-content\/uploads\/2012\/01\/dilr-1-300x223.jpg 300w, https:\/\/teuwissen.ch\/kleistinthun\/wp-content\/uploads\/2012\/01\/dilr-1-1024x763.jpg 1024w, https:\/\/teuwissen.ch\/kleistinthun\/wp-content\/uploads\/2012\/01\/dilr-1-402x300.jpg 402w, https:\/\/teuwissen.ch\/kleistinthun\/wp-content\/uploads\/2012\/01\/dilr-1.jpg 1748w\" sizes=\"auto, (max-width: 300px) 100vw, 300px\" \/><\/a><br \/>\n<\/strong><\/em><\/span><\/p>\n<p>&nbsp;<\/p>\n<div style=\"background-image: initial; background-attachment: initial; background-origin: initial; background-clip: initial; background-color: #ffffbf; border-style: initial; border-color: initial; color: #000000; font-family: arial, sans-serif; font-size: 13px; font-style: normal; font-variant: normal; font-weight: normal; height: auto; line-height: normal; text-align: left; width: auto; direction: ltr; z-index: 99995; background-position: initial initial; background-repeat: initial initial; border-width: 0px; padding: 0px; margin: 0px;\"><\/div>\n","protected":false},"excerpt":{"rendered":"<p>Das Bild liegt, mit seinen zwei oder drei geheimni\u00dfvollen Gegenst\u00e4nden, wie die Apokalypse da, als ob es Joungs Nachtgedanken h\u00e4tte, und da es, in seiner Einf\u00f6rmigkeit und Uferlosigkeit, nichts, als den Rahm, zum Vordergrund hat, so ist es, wenn man &hellip; <a href=\"https:\/\/teuwissen.ch\/kleistinthun\/bibliothek\/exzerpte\/\">Weiterlesen <span class=\"meta-nav\">&rarr;<\/span><\/a><\/p>\n","protected":false},"author":1,"featured_media":938,"parent":120,"menu_order":1,"comment_status":"closed","ping_status":"closed","template":"","meta":{"footnotes":""},"class_list":["post-421","page","type-page","status-publish","has-post-thumbnail","hentry"],"_links":{"self":[{"href":"https:\/\/teuwissen.ch\/kleistinthun\/wp-json\/wp\/v2\/pages\/421","targetHints":{"allow":["GET"]}}],"collection":[{"href":"https:\/\/teuwissen.ch\/kleistinthun\/wp-json\/wp\/v2\/pages"}],"about":[{"href":"https:\/\/teuwissen.ch\/kleistinthun\/wp-json\/wp\/v2\/types\/page"}],"author":[{"embeddable":true,"href":"https:\/\/teuwissen.ch\/kleistinthun\/wp-json\/wp\/v2\/users\/1"}],"replies":[{"embeddable":true,"href":"https:\/\/teuwissen.ch\/kleistinthun\/wp-json\/wp\/v2\/comments?post=421"}],"version-history":[{"count":59,"href":"https:\/\/teuwissen.ch\/kleistinthun\/wp-json\/wp\/v2\/pages\/421\/revisions"}],"predecessor-version":[{"id":604,"href":"https:\/\/teuwissen.ch\/kleistinthun\/wp-json\/wp\/v2\/pages\/421\/revisions\/604"}],"up":[{"embeddable":true,"href":"https:\/\/teuwissen.ch\/kleistinthun\/wp-json\/wp\/v2\/pages\/120"}],"wp:featuredmedia":[{"embeddable":true,"href":"https:\/\/teuwissen.ch\/kleistinthun\/wp-json\/wp\/v2\/media\/938"}],"wp:attachment":[{"href":"https:\/\/teuwissen.ch\/kleistinthun\/wp-json\/wp\/v2\/media?parent=421"}],"curies":[{"name":"wp","href":"https:\/\/api.w.org\/{rel}","templated":true}]}}