{"id":2,"date":"2013-07-04T10:32:07","date_gmt":"2013-07-04T10:32:07","guid":{"rendered":"http:\/\/teuwissen.ch\/imlift\/?page_id=2"},"modified":"2015-01-05T14:26:33","modified_gmt":"2015-01-05T14:26:33","slug":"wannwower","status":"publish","type":"page","link":"https:\/\/teuwissen.ch\/imlift\/wannwower\/","title":{"rendered":"Wann Wo Wer"},"content":{"rendered":"<p style=\"text-align: center;\"><span style=\"color: #808000;\"><strong>stecken bleiben<\/strong> ein musiktheater nach motiven aus <em><strong>Ascenseur pour l&#8217;\u00e9chafaud<\/strong><\/em><\/span><\/p>\n<p style=\"text-align: center;\"><span style=\"color: #c0c0c0;\"><em>&#8230;mon mari avait besoin de h\u00e9ros garantis bien repr\u00e9sentatifs, Julien avait la taille voulue et s\u2019il n\u2019a pas tu\u00e9 Simon, tant pis. S\u2019il a eu peur, tant mieux, mais il faut qu\u2019il revienne, il faut que je le retrouve, il faut qu\u2019il soit vivant, \u00e0 c\u00f4t\u00e9 de moi, il faut, il faut, il faut&#8230;<br \/>\n<\/em><strong>Extrait du <\/strong><strong>Sc\u00e9nario Original<\/strong><\/span><\/p>\n<p style=\"text-align: center;\"><a href=\"http:\/\/teuwissen.ch\/imlift\/wp-content\/uploads\/2014\/02\/Plakat-A2.jpg\" target=\"_blank\"><img loading=\"lazy\" decoding=\"async\" class=\"size-medium wp-image-772 alignnone\" src=\"http:\/\/teuwissen.ch\/imlift\/wp-content\/uploads\/2014\/02\/Plakat-A2-212x300.jpg\" alt=\"Plakat A2\" width=\"212\" height=\"300\" srcset=\"https:\/\/teuwissen.ch\/imlift\/wp-content\/uploads\/2014\/02\/Plakat-A2-212x300.jpg 212w, https:\/\/teuwissen.ch\/imlift\/wp-content\/uploads\/2014\/02\/Plakat-A2-724x1024.jpg 724w\" sizes=\"auto, (max-width: 212px) 100vw, 212px\" \/><\/a><\/p>\n<p style=\"background-color: #ffff99; text-align: center;\"><strong><a href=\"http:\/\/www.hibou-stiftung.ch\/de\/hiboux-ehren-hiboux\" target=\"_blank\">hibou-preis 2014<\/a><\/strong><br \/>\n<span style=\"color: #808000;\"> an huber &amp; teuwissen f\u00fcr<br \/>\n<em><strong>stecken bleiben<\/strong><\/em><\/span><\/p>\n<p style=\"text-align: center;\"><span style=\"background-color: #ff99cc; text-decoration: underline; color: #000000;\"><strong>!! WIEDERAUFNAHME IN 2015 !!<\/strong><\/span><\/p>\n<p style=\"text-align: center;\"><strong>9. &amp; 10. Januar<\/strong> 2015, <a href=\"http:\/\/www.theater-am-gleis.ch\/html\/index.php?id=34&amp;no_cache=1\" target=\"_blank\">Theater am Gleis<\/a>, <strong>Winterthur<\/strong><\/p>\n<p style=\"text-align: center;\"><strong>22., 23. &amp; 30.<\/strong> <strong>Januar<\/strong> 2015, <a href=\"http:\/\/www.theater-stadelhofen.ch\/spielplaene\/spielplan2014_2015\/hel_2014_2015_steckenbleiben.html\" target=\"_blank\">Theater Stadelhofen<\/a>, <strong>Z\u00fcrich<\/strong><\/p>\n<p style=\"text-align: center;\"><strong>5. &amp; 6.<\/strong> <strong>Februar<\/strong> 2015, <a href=\"http:\/\/www.brotfabrik-berlin.de\/front.html\" target=\"_blank\">Brotfabrik<\/a>, <strong>Berlin<\/strong><\/p>\n<p>&nbsp;<\/p>\n<p style=\"color: #808000;\">Urauff\u00fchrung<span style=\"color: #808000;\">: <strong>Do<\/strong><strong>nnerstag, 20. Februar 2014, 20 Uhr <\/strong><span style=\"color: #ff99cc;\">(Ausverkauft!)<\/span><strong><br \/>\n<\/strong><\/span><span style=\"color: #808000;\"><a href=\"http:\/\/teuwissen.ch\/imlift\/wp-content\/uploads\/2013\/07\/IMG_6407-1.jpg\" target=\"_blank\"><img loading=\"lazy\" decoding=\"async\" class=\"wp-image-575 alignleft\" src=\"http:\/\/teuwissen.ch\/imlift\/wp-content\/uploads\/2013\/07\/IMG_6407-1-201x300.jpg\" alt=\"IMG_6407 (1)\" width=\"121\" height=\"180\" srcset=\"https:\/\/teuwissen.ch\/imlift\/wp-content\/uploads\/2013\/07\/IMG_6407-1-201x300.jpg 201w, https:\/\/teuwissen.ch\/imlift\/wp-content\/uploads\/2013\/07\/IMG_6407-1-687x1024.jpg 687w, https:\/\/teuwissen.ch\/imlift\/wp-content\/uploads\/2013\/07\/IMG_6407-1.jpg 971w\" sizes=\"auto, (max-width: 121px) 100vw, 121px\" \/><\/a><\/span><span style=\"color: #99cc00;\"><strong>Das Institut<\/strong>, Elisabethenstrasse 14a, Z\u00fcrich<br \/>\n<\/span><span style=\"color: #808000;\">Vorstell<\/span><span style=\"color: #808000;\">ungen: <strong>Sa. 22., So. 23.,<br \/>\nMi. 26, Do. 27. <\/strong><span style=\"color: #ff99cc;\">Ausv<strong>.<\/strong><\/span><strong>, Fr. 28. <\/strong><span style=\"color: #ff99cc;\">Ausv.<\/span><strong> Februar &amp;<\/strong><\/span> <strong><span style=\"color: #808000;\">So 2. <\/span><\/strong><span style=\"color: #ff99cc;\">Ausv.<\/span><strong><span style=\"color: #808000;\">,<\/span><\/strong><strong><span style=\"color: #808000;\"><br \/>\nDo. 13. <\/span><\/strong><span style=\"color: #ff99cc;\">Ausv.<\/span><strong><span style=\"color: #808000;\"> , Fr. 14., <\/span><\/strong><span style=\"color: #ff99cc;\">Ausv.<\/span><strong><span style=\"color: #808000;\"> Sa. 15. <\/span><\/strong><span style=\"color: #808000;\"><span style=\"color: #ff99cc;\">Ausv.<\/span><\/span><strong><span style=\"color: #808000;\"> M\u00e4rz 2014,<br \/>\n<\/span><\/strong><strong><span style=\"color: #808000;\">(jeweils 20 Uhr, Sonntags 18 Uhr)<br \/>\n<\/span><\/strong><span style=\"color: #808000;\">Zu beachten 1: <\/span><span style=\"color: #808000;\"><strong>Beschr\u00e4nkte Platzzahl: <span style=\"text-decoration: underline;\">Unbedingt<\/span><\/strong> reservieren!<br \/>\nZu beachten 2: Das Institut befindet sich im 3. Stock, die Treppe ist sehr steil und &#8211; es gibt <strong><span style=\"text-decoration: underline;\">keinen<\/span><\/strong> Lift&#8230;<\/span><\/p>\n<p style=\"text-align: left;\"><span style=\"color: #99cc00;\"><strong>Theater Stadelhofen<\/strong>, Z\u00fcrich:<\/span><br \/>\n<strong><span style=\"color: #808000;\"><span style=\"color: #99cc00;\">Do. 27.<\/span> &amp; <span style=\"color: #99cc00;\">Fr. 28.<\/span> M\u00e4rz 2014, 20.15 Uhr<br \/>\nReservierungen: Theater Stadelhofen<br \/>\n<\/span><\/strong><\/p>\n<p style=\"text-align: center;\"><span style=\"color: #99cc00;\">eine produktion von<br \/>\n<strong>h u b e r\u00a0 &amp;\u00a0 t e u w i s s e n<\/strong><\/span><\/p>\n<p style=\"text-align: right;\"><span style=\"color: #808000;\">Regie &amp; Produktionsleitung:<\/span><span style=\"color: #808000;\"><span style=\"color: #888888;\"> M\u00e9lanie Huber<\/span><\/span><strong><span style=\"color: #808000;\"><br \/>\n<\/span><\/strong><span style=\"color: #808000;\">Dramaturgie &amp; St\u00fcckfassung:<\/span><span style=\"color: #808000;\"><span style=\"color: #888888;\"> Stephan Teuwissen<\/span><\/span><strong><span style=\"color: #808000;\"><br \/>\n<\/span><\/strong><span style=\"color: #808000;\">Komposition: <span style=\"color: #888888;\">Pascal Destraz, <\/span><span style=\"color: #888888;\">Raimund Vogtenhuber<\/span><strong><strong><br \/>\n<\/strong><\/strong>Spiel: <span style=\"color: #888888;\">Pa<\/span><\/span><span style=\"color: #888888;\">scal Destraz, Danny Exnar, Kathrin Veith<\/span><span style=\"color: #808000;\"> &amp; <\/span><span style=\"color: #888888;\">Raimund Vogtenhuber<\/span><span style=\"color: #808000;\"><br \/>\nRaum<\/span><span style=\"color: #808000;\">:<\/span><span style=\"color: #808000;\"> <span style=\"color: #888888;\">Nadia Schrader<\/span><strong><br \/>\n<\/strong>Licht &amp; Ton: <span style=\"color: #888888;\">Robert Meyer<\/span><br \/>\nAssistenz: <span style=\"color: #888888;\">Stephanie Schmidt<\/span><br \/>\nKost\u00fcme: <span style=\"color: #888888;\">Ramona M\u00fcller<strong><br \/>\n<\/strong><\/span>Maske: <span style=\"color: #888888;\">Carla Alarc\u00f2n, Salome Bigler, Katharina Kroll, Claudia Palopoli<\/span><br \/>\nGrafik: <span style=\"color: #888888;\">Gregor Huber<\/span> &amp; <span style=\"color: #888888;\">Ivan Sterzinger<\/span><strong><br \/>\n<\/strong>Werkstattblog: <span style=\"color: #888888;\">teuwissen<strong><br \/>\n<\/strong><\/span>Dank an: <span style=\"color: #888888;\">Gabi Bernetta, <\/span><\/span><span style=\"color: #888888;\">Raoul Breuleux, <\/span><span style=\"color: #808000;\"><span style=\"color: #888888;\">Etienne Destraz,<\/span><br \/>\n<span style=\"color: #888888;\"> ICST (ZHdK), Miriam Japp, Simone Karpf, Schreinerei Mirjam Kuhn,<\/span><br \/>\n<span style=\"color: #888888;\"> Nenniger Schlosserei Z\u00fcrich, Dynamo, Schauspielhaus Z\u00fcrich<br \/>\n<span style=\"color: #808000;\">Veranstalter:<\/span> Verein THEATERHUBER<\/span><strong><br \/>\n<\/strong><br \/>\n<\/span><\/p>\n<p style=\"text-align: center;\"><span style=\"color: #808000;\">Mit freundlicher Unterst\u00fctzung von:<\/span><br \/>\n<span style=\"color: #c0c0c0;\"><strong>Theaterf\u00f6rderung Stadt Z\u00fcrich<br \/>\n<\/strong><\/span><strong><span style=\"color: #808000;\"><span style=\"color: #c0c0c0;\">Fachstelle Kultur Kanton Z\u00fcrich<\/span><br \/>\n<span style=\"color: #c0c0c0;\"> Georg und Bertha Schwyzer-Winiker-Stiftung<\/span><br \/>\n<span style=\"color: #c0c0c0;\"> Familien-Vontobel-Stiftung<\/span><br \/>\n<span style=\"color: #c0c0c0;\"> Stanley Thomas Johnson Stiftung<\/span><br \/>\n<span style=\"color: #c0c0c0;\"> Ernst G\u00f6hner Stiftung<\/span><br \/>\n<span style=\"color: #c0c0c0;\"> hibou-stiftung<\/span><br \/>\n<\/span><\/strong><\/p>\n<p style=\"text-align: center;\"><a href=\"http:\/\/www.hibou-stiftung.ch\/de\/hiboux-ehren-hiboux\" target=\"_blank\">hibou-preis<\/a><\/p>\n<p><a href=\"http:\/\/teuwissen.ch\/imlift\/wp-content\/uploads\/2013\/07\/collagegru\u0308n1.jpg\" target=\"_blank\"><img loading=\"lazy\" decoding=\"async\" class=\"aligncenter\" src=\"http:\/\/teuwissen.ch\/imlift\/wp-content\/uploads\/2013\/07\/collagegru\u0308n1.jpg\" alt=\"collagegru\u0308n1\" width=\"466\" height=\"300\" \/><\/a><\/p>\n","protected":false},"excerpt":{"rendered":"<p>stecken bleiben ein musiktheater nach motiven aus Ascenseur pour l&#8217;\u00e9chafaud &#8230;mon mari avait besoin de h\u00e9ros garantis bien repr\u00e9sentatifs, Julien avait la taille voulue et s\u2019il n\u2019a pas tu\u00e9 Simon, tant pis. S\u2019il a eu peur, tant mieux, mais il &hellip; <a href=\"https:\/\/teuwissen.ch\/imlift\/wannwower\/\">Continue reading <span class=\"meta-nav\">&rarr;<\/span><\/a><\/p>\n","protected":false},"author":1,"featured_media":24,"parent":0,"menu_order":0,"comment_status":"open","ping_status":"closed","template":"","meta":{"footnotes":""},"class_list":["post-2","page","type-page","status-publish","has-post-thumbnail","hentry"],"_links":{"self":[{"href":"https:\/\/teuwissen.ch\/imlift\/wp-json\/wp\/v2\/pages\/2","targetHints":{"allow":["GET"]}}],"collection":[{"href":"https:\/\/teuwissen.ch\/imlift\/wp-json\/wp\/v2\/pages"}],"about":[{"href":"https:\/\/teuwissen.ch\/imlift\/wp-json\/wp\/v2\/types\/page"}],"author":[{"embeddable":true,"href":"https:\/\/teuwissen.ch\/imlift\/wp-json\/wp\/v2\/users\/1"}],"replies":[{"embeddable":true,"href":"https:\/\/teuwissen.ch\/imlift\/wp-json\/wp\/v2\/comments?post=2"}],"version-history":[{"count":110,"href":"https:\/\/teuwissen.ch\/imlift\/wp-json\/wp\/v2\/pages\/2\/revisions"}],"predecessor-version":[{"id":1293,"href":"https:\/\/teuwissen.ch\/imlift\/wp-json\/wp\/v2\/pages\/2\/revisions\/1293"}],"wp:featuredmedia":[{"embeddable":true,"href":"https:\/\/teuwissen.ch\/imlift\/wp-json\/wp\/v2\/media\/24"}],"wp:attachment":[{"href":"https:\/\/teuwissen.ch\/imlift\/wp-json\/wp\/v2\/media?parent=2"}],"curies":[{"name":"wp","href":"https:\/\/api.w.org\/{rel}","templated":true}]}}